{"id":46,"date":"2018-02-20T14:13:47","date_gmt":"2018-02-20T13:13:47","guid":{"rendered":"http:\/\/wordpress.rsl-hilden.de\/?page_id=46"},"modified":"2022-07-05T19:33:07","modified_gmt":"2022-07-05T17:33:07","slug":"arbeitsrecht","status":"publish","type":"page","link":"https:\/\/www.rsl-hilden.de\/home\/schwerpunkte\/arbeitsrecht\/","title":{"rendered":"Arbeitsrecht"},"content":{"rendered":"<div class='content-column one_half'><h1><strong>Arbeitsrecht<\/strong><\/h1>\n<p>Wir alle verbringen den Gro\u00dfteil unserer Zeit im Arbeitsumfeld und teilen mit den Arbeitskollegen oft mehr Zeit, als mit Familie und Freunden. Das Arbeitsverh\u00e4ltnis bestimmt unseren Tagesrhythmus und beeinflusst unser Wohlbefinden \u2013 sowohl auf Arbeitgeber- als auch auf Arbeitnehmerseite.<br \/>\nWir vertreten in arbeitsrechtlichen Mandanten nicht nur Arbeitnehmer, sondern auch Arbeitgeber. Denn wir kennen sowohl die Arbeitgeber- als auch die Arbeitnehmersicht. So sind wir regelm\u00e4\u00dfig in der Lage, angemessene L\u00f6sungen f\u00fcr alle Beteiligten zu finden.<\/p>\n<h2>Arbeitnehmer<\/h2>\n<p>Vor allem f\u00fcr den Arbeitnehmer spielt das Arbeitsverh\u00e4ltnis aufgrund des beruflichen Fortkommens und der finanziellen Abh\u00e4ngigkeit eine gro\u00dfe Rolle. Wir begleiten Sie gerne schon bei Fragestellungen, die sich vor Arbeitsantritt und Vertragsunterzeichnung oder w\u00e4hrend eines laufenden Arbeitsverh\u00e4ltnisses ergeben.<br \/>\nIm Falle einer K\u00fcndigung ist schnelles Handeln gefragt. Die Klagefrist f\u00fcr ein K\u00fcndigungsschutzverfahren ist kurz. Nach Erhalt der schriftlichen K\u00fcndigung haben Sie daf\u00fcr nur drei Wochen Zeit. Nach Ablauf dieser Frist wird die K\u00fcndigung rechtswirksam, auch wenn sie eventuell fehlerhaft ist und somit als ung\u00fcltig zu betrachten gewesen w\u00e4re.<br \/>\nWir sind uns sowohl der menschlichen als auch der rechtlichen Komponente im Bereich Arbeit bewusst und schaffen es dadurch, mit Ihnen gemeinsam die f\u00fcr Sie beste L\u00f6sung f\u00fcr Ihre arbeitsrechtliche Auseinandersetzung zu finden. Nicht immer ist die kompromisslose gerichtliche Durchsetzung Ihrer Rechte f\u00fcr Ihr eigentliches Interesse zielf\u00fchrend. Wir zeigen Ihnen, welche alternativen L\u00f6sungen au\u00dferdem in Betracht kommen k\u00f6nnen und helfen Ihnen, Ihr Interesse durchzusetzen.<\/p>\n<h2>Arbeitgeber<\/h2>\n<p>Als Arbeitgeber hat man im Umgang mit seinen Arbeitnehmern diverse Regelungen zu beachten. Unabh\u00e4ngig davon, ob Sie beispielsweise Fragen zum Ausschreibungs- und Einstellungsverfahren, zur Gestaltung, Pr\u00fcfung oder \u00dcberarbeitung von Arbeitsvertr\u00e4gen oder zu Verhandlungen mit einem Betriebsrat haben, bieten wir Ihnen eine umfassende Beratung.<br \/>\nAu\u00dferdem k\u00f6nnen wir Sie bei der Vorbereitung und Durchf\u00fchrung disziplinarischer Ma\u00dfnahmen unterst\u00fctzen, sowie bereits im Vorfeld von K\u00fcndigungen begleiten. Der Gesetzgeber ist bem\u00fcht, den Arbeitnehmer zu sch\u00fctzen, sodass der Arbeitgeber sorgsam zu \u00fcberpr\u00fcfen hat, welche Ma\u00dfnahmen er treffen darf. Wir helfen Ihnen gerne dabei, den richtigen Weg zu finden.<br \/><\/div>\n<div class='content-column one_half last_column'><h2><\/h2>\n<p>Bei allen Fragen zum Arbeitsrecht k\u00f6nnen Sie gerne einen Termin mit uns machen und sich von uns beraten lassen.<br \/>\nRufen Sie uns an oder schreiben Sie uns:<br \/>\n02103\u00a025 86 960<br \/>\n<a href=\"mailto:kanzlei@rsl-hilden.de\" title=\"Kanzlei@rsl-hilden.de\">kanzlei@rsl-hilden.de<\/a><\/p>\n<h2>Weitere Schwerpunkte:<\/h2>\n<p>\u2022 <a href=\"https:\/\/www.rsl-hilden.de\/schwerpunkte\/beratung\/\" title=\"Beratung\">Beratung<\/a><br \/>\n\u2022 <a href=\"https:\/\/www.rsl-hilden.de\/schwerpunkte\/bank-und-kapitalmarktrecht\/\" title=\"Bank- Und Kapitalmarktrecht\">Bank- und Kapitalmarktrecht<\/a><br \/>\n\u2022 <a href=\"https:\/\/www.rsl-hilden.de\/schwerpunkte\/erbrecht\/\" title=\"Erbrecht\">Erbrecht<\/a><\/p>\n<h2>Expertentipps im Bereich Arbeitsrecht:<\/h2>\n<p>\u2022 <a href=\"https:\/\/www.rsl-hilden.de\/home\/expertentipps\/arbeitsrecht-ende-der-vertrauensarbeitszeit\/\" title=\"Arbeitsrecht: Das Ende Der Vertrauensarbeitszeit?\">Arbeitsrecht: Das Ende der Vertrauensarbeitszeit?<\/a><br \/>\n\u2022 <a href=\"https:\/\/www.rsl-hilden.de\/home\/expertentipps\/arbeitsrecht-urlaubsanspruch-und-resturlaub\/\" title=\"Arbeitsrecht: Was Arbeitnehmer Und Arbeitgeber \u00fcber Urlaubsanspruch Und Resturlaub Wissen M\u00fcssen\">Arbeitsrecht: Was Arbeitnehmer und Arbeitgeber \u00fcber Urlaubsanspruch und Resturlaub wissen m\u00fcssen<\/a><br \/>\n\u2022 <a href=\"https:\/\/www.rsl-hilden.de\/home\/expertentipps\/arbeitsrecht-kuriose-kuendigungsgruende\/\" title=\" Arbeitsrecht: Kuriose K\u00fcndigungsgr\u00fcnde ? Was Ist Berechtigt, Was Nicht?\"> Arbeitsrecht: Kuriose K\u00fcndigungsgr\u00fcnde \u2013 Was ist berechtigt, was nicht?<\/a><br \/><\/div><div class='clear_column'><\/div>\n","protected":false},"excerpt":{"rendered":"","protected":false},"author":1,"featured_media":0,"parent":28,"menu_order":0,"comment_status":"closed","ping_status":"closed","template":"","meta":{"footnotes":""},"class_list":["post-46","page","type-page","status-publish","hentry"],"_links":{"self":[{"href":"https:\/\/www.rsl-hilden.de\/home\/wp-json\/wp\/v2\/pages\/46","targetHints":{"allow":["GET"]}}],"collection":[{"href":"https:\/\/www.rsl-hilden.de\/home\/wp-json\/wp\/v2\/pages"}],"about":[{"href":"https:\/\/www.rsl-hilden.de\/home\/wp-json\/wp\/v2\/types\/page"}],"author":[{"embeddable":true,"href":"https:\/\/www.rsl-hilden.de\/home\/wp-json\/wp\/v2\/users\/1"}],"replies":[{"embeddable":true,"href":"https:\/\/www.rsl-hilden.de\/home\/wp-json\/wp\/v2\/comments?post=46"}],"version-history":[{"count":5,"href":"https:\/\/www.rsl-hilden.de\/home\/wp-json\/wp\/v2\/pages\/46\/revisions"}],"predecessor-version":[{"id":678,"href":"https:\/\/www.rsl-hilden.de\/home\/wp-json\/wp\/v2\/pages\/46\/revisions\/678"}],"up":[{"embeddable":true,"href":"https:\/\/www.rsl-hilden.de\/home\/wp-json\/wp\/v2\/pages\/28"}],"wp:attachment":[{"href":"https:\/\/www.rsl-hilden.de\/home\/wp-json\/wp\/v2\/media?parent=46"}],"curies":[{"name":"wp","href":"https:\/\/api.w.org\/{rel}","templated":true}]}}